{"id":3457,"date":"2021-08-12T12:45:39","date_gmt":"2021-08-12T12:45:39","guid":{"rendered":"https:\/\/sartori-ambiente.com\/referenze\/levoluzione-della-raccolta-differenziata-a-parma\/"},"modified":"2021-11-18T17:39:12","modified_gmt":"2021-11-18T16:39:12","slug":"levolution-de-la-collecte-selective-des-dechets-a-parme","status":"publish","type":"referenze","link":"https:\/\/sartori-ambiente.com\/fr\/references\/levolution-de-la-collecte-selective-des-dechets-a-parme\/","title":{"rendered":"L&rsquo;\u00e9volution de la collecte s\u00e9lective des d\u00e9chets \u00e0 Parme"},"content":{"rendered":"<h3>\u00c9tat initial<\/h3>\n<p>L\u2019\u00c9milie-Romagne est la r\u00e9gion qui produit le plus de d\u00e9chets en Italie, avec une moyenne de 667 kg par habitant en 2019 (\u00ab\u00a0La gestion des d\u00e9chets en \u00c9milie-Romagne, Rapport 2020\u00a0\u00bb), soit 150 kg de plus que la moyenne italienne et 160 kg de plus que la moyenne de l&rsquo;UE.<\/p>\n<p>En novembre 2012, lorsque la collaboration avec <strong>Sartori Ambiente<\/strong> a commenc\u00e9, Parme avait collect\u00e9 par tri s\u00e9lectif 48,2 % de ses DSM, principalement via des conteneurs plac\u00e9s sur la voie publique:<\/p>\n<ul>\n<li>la <strong>collecte en porte-\u00e0-porte<\/strong> <strong>\u00e9tait peu employ\u00e9e<\/strong> et les d\u00e9chets organiques n&rsquo;\u00e9taient pas tri\u00e9s dans la majeure partie de la ville<\/li>\n<li>la <strong>collecte multimat\u00e9riaux de verre et de plastique \u00e9tait d\u00e9routante<\/strong>, les impuret\u00e9s pr\u00e9sentes dans les d\u00e9chets non tri\u00e9s correctement rendaient absolument n\u00e9cessaire un tri post-collecte<\/li>\n<li><strong>les co\u00fbts de transport, de tri et d&rsquo;\u00e9limination \u00e9taient tr\u00e8s \u00e9lev\u00e9s <\/strong>et les revenus li\u00e9s au recyclage tr\u00e8s faibles<\/li>\n<\/ul>\n<p>La m\u00eame ann\u00e9e, la municipalit\u00e9 de Parme venait d&rsquo;entreprendre les travaux de construction d&rsquo;un centre d&rsquo;incin\u00e9ration d&rsquo;une capacit\u00e9 de 180\u00a0000 tonnes de DSM par an, qui devait \u00eatre termin\u00e9e pour 2013.<\/p>\n<p>&nbsp;<\/p>\n<h3>Les objectifs<\/h3>\n<ul>\n<li>Mettre en \u0153uvre une <strong>strat\u00e9gie Z\u00c9RO D\u00c9CHET<\/strong> et un nouveau mod\u00e8le de gestion des d\u00e9chets<\/li>\n<li><strong>Atteindre 80\u00a0% de collecte s\u00e9lective <\/strong>et moins de 100 kg de d\u00e9chets r\u00e9siduels par habitant<\/li>\n<li>R\u00e9aliser un <strong>nouveau centre de r\u00e9emploi<\/strong><\/li>\n<li><strong>Sensibiliser les habitants <\/strong>pour am\u00e9liorer les op\u00e9rations de collecte s\u00e9lective<\/li>\n<\/ul>\n<p>&nbsp;<\/p>\n<h3>Les solutions<\/h3>\n<ul>\n<li>La collecte en porte-\u00e0-porte. Initialement introduite dans le centre historique de la ville, en commen\u00e7ant par les d\u00e9chets organiques, elle a \u00e9t\u00e9 ensuite progressivement \u00e9tendue en 18 mois \u00e0 toute la ville et \u00e0 tous les types de d\u00e9chets \u00e0 l&rsquo;exception du verre.<\/li>\n<li>Le syst\u00e8me de collecte en porte-\u00e0-porte a \u00e9t\u00e9 <strong>modul\u00e9 en fonction de la densit\u00e9 de population des quartiers<\/strong>, la collecte des d\u00e9chets organiques et r\u00e9siduels \u00e9tant plus fr\u00e9quente en centre-ville que dans les quartiers r\u00e9sidentiels.<\/li>\n<li>La mise en place de la <strong>tarification incitative<\/strong>, appel\u00e9e aussi \u00ab\u00a0paiement aux d\u00e9chets\u00a0\u00bb (de l&rsquo;anglais \u00ab\u00a0Pay As You Throw\u00a0 &#8211; PAYT\u00a0\u00bb), o\u00f9 le paiement varie en fonction de la quantit\u00e9 de d\u00e9chets produite individuellement. En Italie, la facturation des d\u00e9chets pour chaque foyer se compose de deux \u00e9l\u00e9ments principaux\u00a0:\n<ul>\n<li>une part fixe bas\u00e9e sur le nombre de personnes dans le foyer et sur les m\u00e8tres carr\u00e9s du logement, destin\u00e9e \u00e0 couvrir les frais fixes de gestion<\/li>\n<li>une part variable qui d\u00e9pend du nombre de fois que le bac est pr\u00e9sent\u00e9 \u00e0 la lev\u00e9e avec une r\u00e9duction pr\u00e9vue si le foyer composte ses d\u00e9chets organiques.<\/li>\n<\/ul>\n<\/li>\n<li>La municipalit\u00e9 a introduit un autre \u00e9l\u00e9ment de flexibilit\u00e9 dans la collecte en porte-\u00e0-porte: les \u00e9costations. Ce sont des stations d&rsquo;apport volontaire automatis\u00e9es \u00e0 acc\u00e8s contr\u00f4l\u00e9.<\/li>\n<\/ul>\n<h3>Les r\u00e9sultats<\/h3>\n<p>Les r\u00e9sultats de Parme sont exemplaires \u00e0 tous points de vue. En seulement 7 ans, Parme a r\u00e9ussi \u00e0 <strong>r\u00e9duire la production totale de d\u00e9chets de 15\u00a0%<\/strong> et \u00e0 augmenter consid\u00e9rablement la collecte s\u00e9lective, qui est pass\u00e9e de <strong>48\u00a0% en 2011 \u00e0 81\u00a0% en 2019<\/strong>.<\/p>\n<p>Les <strong>d\u00e9chets r\u00e9siduels<\/strong> sont pass\u00e9s de 313 kg\/habitant\/an en 2011 \u00e0 126 kg, soit une r\u00e9duction de 60\u00a0%\u00a0!<\/p>\n<p>Seul un usager sur quatre sort son bac pour chaque lev\u00e9e disponible de d\u00e9chets non recyclables.<\/p>\n<p>La contamination a \u00e9t\u00e9 consid\u00e9rablement r\u00e9duite et, par cons\u00e9quent, <strong>un recyclage de qualit\u00e9 est possible, une condition essentielle pour toute \u00e9conomie qui se veut circulaire<\/strong>.<\/p>\n<p>Une <strong>r\u00e9duction des frais de gestion annuels de 450\u00a0000 euros<\/strong> a \u00e9t\u00e9 r\u00e9alis\u00e9e.<\/p>\n<p>Le changement de syst\u00e8me, des points d&rsquo;apport dans l&rsquo;espace public \u00e0 la collecte en porte-\u00e0-porte, a consid\u00e9rablement augment\u00e9 le nombre d&#8217;emplois directs cr\u00e9\u00e9s dans le secteur de la collecte, en passant de 77 op\u00e9rateurs avant ce changement \u00e0 121 op\u00e9rateurs en 2015.<\/p>\n<p>Parme est aujourd&rsquo;hui la plus grande ville italienne \u00e0 avoir introduit la tarification incitative.<\/p>\n","protected":false},"featured_media":2392,"parent":0,"template":"","class_list":["post-3457","referenze","type-referenze","status-publish","has-post-thumbnail","hentry"],"acf":[],"yoast_head":"<!-- This site is optimized with the Yoast SEO plugin v27.5 - https:\/\/yoast.com\/product\/yoast-seo-wordpress\/ -->\n<title>L&#039;\u00e9volution de la collecte s\u00e9lective des d\u00e9chets \u00e0 Parme | Sartori Ambiente<\/title>\n<meta name=\"robots\" content=\"index, follow, max-snippet:-1, max-image-preview:large, max-video-preview:-1\" \/>\n<link rel=\"canonical\" href=\"https:\/\/sartori-ambiente.com\/fr\/references\/levolution-de-la-collecte-selective-des-dechets-a-parme\/\" \/>\n<meta property=\"og:locale\" content=\"fr_FR\" \/>\n<meta property=\"og:type\" content=\"article\" \/>\n<meta property=\"og:title\" content=\"L&#039;\u00e9volution de la collecte s\u00e9lective des d\u00e9chets \u00e0 Parme | Sartori Ambiente\" \/>\n<meta property=\"og:description\" content=\"\u00c9tat initial L\u2019\u00c9milie-Romagne est la r\u00e9gion qui produit le plus de d\u00e9chets en Italie, avec une moyenne de 667 kg par habitant en 2019 (\u00ab\u00a0La gestion des d\u00e9chets en \u00c9milie-Romagne, Rapport 2020\u00a0\u00bb), soit 150 kg de plus que la moyenne italienne et 160 kg de plus que la moyenne de l&rsquo;UE. En novembre 2012, lorsque [&hellip;]\" \/>\n<meta property=\"og:url\" content=\"https:\/\/sartori-ambiente.com\/fr\/references\/levolution-de-la-collecte-selective-des-dechets-a-parme\/\" \/>\n<meta property=\"og:site_name\" content=\"Sartori Ambiente\" \/>\n<meta property=\"article:modified_time\" content=\"2021-11-18T16:39:12+00:00\" \/>\n<meta property=\"og:image\" content=\"https:\/\/sartori-ambiente.com\/wp-content\/uploads\/2021\/08\/Parma.jpg\" \/>\n\t<meta property=\"og:image:width\" content=\"800\" \/>\n\t<meta property=\"og:image:height\" content=\"533\" \/>\n\t<meta property=\"og:image:type\" content=\"image\/jpeg\" \/>\n<meta name=\"twitter:card\" content=\"summary_large_image\" \/>\n<meta name=\"twitter:label1\" content=\"Dur\u00e9e de lecture estim\u00e9e\" \/>\n\t<meta name=\"twitter:data1\" content=\"4 minutes\" \/>\n<script type=\"application\/ld+json\" class=\"yoast-schema-graph\">{\"@context\":\"https:\\\/\\\/schema.org\",\"@graph\":[{\"@type\":\"WebPage\",\"@id\":\"https:\\\/\\\/sartori-ambiente.com\\\/fr\\\/references\\\/levolution-de-la-collecte-selective-des-dechets-a-parme\\\/\",\"url\":\"https:\\\/\\\/sartori-ambiente.com\\\/fr\\\/references\\\/levolution-de-la-collecte-selective-des-dechets-a-parme\\\/\",\"name\":\"L'\u00e9volution de la collecte s\u00e9lective des d\u00e9chets \u00e0 Parme | Sartori Ambiente\",\"isPartOf\":{\"@id\":\"https:\\\/\\\/sartori-ambiente.com\\\/fr\\\/#website\"},\"primaryImageOfPage\":{\"@id\":\"https:\\\/\\\/sartori-ambiente.com\\\/fr\\\/references\\\/levolution-de-la-collecte-selective-des-dechets-a-parme\\\/#primaryimage\"},\"image\":{\"@id\":\"https:\\\/\\\/sartori-ambiente.com\\\/fr\\\/references\\\/levolution-de-la-collecte-selective-des-dechets-a-parme\\\/#primaryimage\"},\"thumbnailUrl\":\"https:\\\/\\\/sartori-ambiente.com\\\/wp-content\\\/uploads\\\/2021\\\/08\\\/Parma.jpg\",\"datePublished\":\"2021-08-12T12:45:39+00:00\",\"dateModified\":\"2021-11-18T16:39:12+00:00\",\"breadcrumb\":{\"@id\":\"https:\\\/\\\/sartori-ambiente.com\\\/fr\\\/references\\\/levolution-de-la-collecte-selective-des-dechets-a-parme\\\/#breadcrumb\"},\"inLanguage\":\"fr-FR\",\"potentialAction\":[{\"@type\":\"ReadAction\",\"target\":[\"https:\\\/\\\/sartori-ambiente.com\\\/fr\\\/references\\\/levolution-de-la-collecte-selective-des-dechets-a-parme\\\/\"]}]},{\"@type\":\"ImageObject\",\"inLanguage\":\"fr-FR\",\"@id\":\"https:\\\/\\\/sartori-ambiente.com\\\/fr\\\/references\\\/levolution-de-la-collecte-selective-des-dechets-a-parme\\\/#primaryimage\",\"url\":\"https:\\\/\\\/sartori-ambiente.com\\\/wp-content\\\/uploads\\\/2021\\\/08\\\/Parma.jpg\",\"contentUrl\":\"https:\\\/\\\/sartori-ambiente.com\\\/wp-content\\\/uploads\\\/2021\\\/08\\\/Parma.jpg\",\"width\":800,\"height\":533},{\"@type\":\"BreadcrumbList\",\"@id\":\"https:\\\/\\\/sartori-ambiente.com\\\/fr\\\/references\\\/levolution-de-la-collecte-selective-des-dechets-a-parme\\\/#breadcrumb\",\"itemListElement\":[{\"@type\":\"ListItem\",\"position\":1,\"name\":\"Les r\u00e9f\u00e9rences\",\"item\":\"https:\\\/\\\/sartori-ambiente.com\\\/fr\\\/references\\\/\"},{\"@type\":\"ListItem\",\"position\":2,\"name\":\"L&#8217;\u00e9volution de la collecte s\u00e9lective des d\u00e9chets \u00e0 Parme\"}]},{\"@type\":\"WebSite\",\"@id\":\"https:\\\/\\\/sartori-ambiente.com\\\/fr\\\/#website\",\"url\":\"https:\\\/\\\/sartori-ambiente.com\\\/fr\\\/\",\"name\":\"Sartori Ambiente\",\"description\":\"\",\"publisher\":{\"@id\":\"https:\\\/\\\/sartori-ambiente.com\\\/fr\\\/#organization\"},\"potentialAction\":[{\"@type\":\"SearchAction\",\"target\":{\"@type\":\"EntryPoint\",\"urlTemplate\":\"https:\\\/\\\/sartori-ambiente.com\\\/fr\\\/?s={search_term_string}\"},\"query-input\":{\"@type\":\"PropertyValueSpecification\",\"valueRequired\":true,\"valueName\":\"search_term_string\"}}],\"inLanguage\":\"fr-FR\"},{\"@type\":\"Organization\",\"@id\":\"https:\\\/\\\/sartori-ambiente.com\\\/fr\\\/#organization\",\"name\":\"Sartori Ambiente\",\"url\":\"https:\\\/\\\/sartori-ambiente.com\\\/fr\\\/\",\"logo\":{\"@type\":\"ImageObject\",\"inLanguage\":\"fr-FR\",\"@id\":\"https:\\\/\\\/sartori-ambiente.com\\\/fr\\\/#\\\/schema\\\/logo\\\/image\\\/\",\"url\":\"https:\\\/\\\/sartori-ambiente.com\\\/wp-content\\\/uploads\\\/2021\\\/09\\\/Sartori_Ambiente_logo.svg\",\"contentUrl\":\"https:\\\/\\\/sartori-ambiente.com\\\/wp-content\\\/uploads\\\/2021\\\/09\\\/Sartori_Ambiente_logo.svg\",\"width\":1,\"height\":1,\"caption\":\"Sartori Ambiente\"},\"image\":{\"@id\":\"https:\\\/\\\/sartori-ambiente.com\\\/fr\\\/#\\\/schema\\\/logo\\\/image\\\/\"}}]}<\/script>\n<!-- \/ Yoast SEO plugin. -->","yoast_head_json":{"title":"L'\u00e9volution de la collecte s\u00e9lective des d\u00e9chets \u00e0 Parme | Sartori Ambiente","robots":{"index":"index","follow":"follow","max-snippet":"max-snippet:-1","max-image-preview":"max-image-preview:large","max-video-preview":"max-video-preview:-1"},"canonical":"https:\/\/sartori-ambiente.com\/fr\/references\/levolution-de-la-collecte-selective-des-dechets-a-parme\/","og_locale":"fr_FR","og_type":"article","og_title":"L'\u00e9volution de la collecte s\u00e9lective des d\u00e9chets \u00e0 Parme | Sartori Ambiente","og_description":"\u00c9tat initial L\u2019\u00c9milie-Romagne est la r\u00e9gion qui produit le plus de d\u00e9chets en Italie, avec une moyenne de 667 kg par habitant en 2019 (\u00ab\u00a0La gestion des d\u00e9chets en \u00c9milie-Romagne, Rapport 2020\u00a0\u00bb), soit 150 kg de plus que la moyenne italienne et 160 kg de plus que la moyenne de l&rsquo;UE. En novembre 2012, lorsque [&hellip;]","og_url":"https:\/\/sartori-ambiente.com\/fr\/references\/levolution-de-la-collecte-selective-des-dechets-a-parme\/","og_site_name":"Sartori Ambiente","article_modified_time":"2021-11-18T16:39:12+00:00","og_image":[{"width":800,"height":533,"url":"https:\/\/sartori-ambiente.com\/wp-content\/uploads\/2021\/08\/Parma.jpg","type":"image\/jpeg"}],"twitter_card":"summary_large_image","twitter_misc":{"Dur\u00e9e de lecture estim\u00e9e":"4 minutes"},"schema":{"@context":"https:\/\/schema.org","@graph":[{"@type":"WebPage","@id":"https:\/\/sartori-ambiente.com\/fr\/references\/levolution-de-la-collecte-selective-des-dechets-a-parme\/","url":"https:\/\/sartori-ambiente.com\/fr\/references\/levolution-de-la-collecte-selective-des-dechets-a-parme\/","name":"L'\u00e9volution de la collecte s\u00e9lective des d\u00e9chets \u00e0 Parme | Sartori Ambiente","isPartOf":{"@id":"https:\/\/sartori-ambiente.com\/fr\/#website"},"primaryImageOfPage":{"@id":"https:\/\/sartori-ambiente.com\/fr\/references\/levolution-de-la-collecte-selective-des-dechets-a-parme\/#primaryimage"},"image":{"@id":"https:\/\/sartori-ambiente.com\/fr\/references\/levolution-de-la-collecte-selective-des-dechets-a-parme\/#primaryimage"},"thumbnailUrl":"https:\/\/sartori-ambiente.com\/wp-content\/uploads\/2021\/08\/Parma.jpg","datePublished":"2021-08-12T12:45:39+00:00","dateModified":"2021-11-18T16:39:12+00:00","breadcrumb":{"@id":"https:\/\/sartori-ambiente.com\/fr\/references\/levolution-de-la-collecte-selective-des-dechets-a-parme\/#breadcrumb"},"inLanguage":"fr-FR","potentialAction":[{"@type":"ReadAction","target":["https:\/\/sartori-ambiente.com\/fr\/references\/levolution-de-la-collecte-selective-des-dechets-a-parme\/"]}]},{"@type":"ImageObject","inLanguage":"fr-FR","@id":"https:\/\/sartori-ambiente.com\/fr\/references\/levolution-de-la-collecte-selective-des-dechets-a-parme\/#primaryimage","url":"https:\/\/sartori-ambiente.com\/wp-content\/uploads\/2021\/08\/Parma.jpg","contentUrl":"https:\/\/sartori-ambiente.com\/wp-content\/uploads\/2021\/08\/Parma.jpg","width":800,"height":533},{"@type":"BreadcrumbList","@id":"https:\/\/sartori-ambiente.com\/fr\/references\/levolution-de-la-collecte-selective-des-dechets-a-parme\/#breadcrumb","itemListElement":[{"@type":"ListItem","position":1,"name":"Les r\u00e9f\u00e9rences","item":"https:\/\/sartori-ambiente.com\/fr\/references\/"},{"@type":"ListItem","position":2,"name":"L&#8217;\u00e9volution de la collecte s\u00e9lective des d\u00e9chets \u00e0 Parme"}]},{"@type":"WebSite","@id":"https:\/\/sartori-ambiente.com\/fr\/#website","url":"https:\/\/sartori-ambiente.com\/fr\/","name":"Sartori Ambiente","description":"","publisher":{"@id":"https:\/\/sartori-ambiente.com\/fr\/#organization"},"potentialAction":[{"@type":"SearchAction","target":{"@type":"EntryPoint","urlTemplate":"https:\/\/sartori-ambiente.com\/fr\/?s={search_term_string}"},"query-input":{"@type":"PropertyValueSpecification","valueRequired":true,"valueName":"search_term_string"}}],"inLanguage":"fr-FR"},{"@type":"Organization","@id":"https:\/\/sartori-ambiente.com\/fr\/#organization","name":"Sartori Ambiente","url":"https:\/\/sartori-ambiente.com\/fr\/","logo":{"@type":"ImageObject","inLanguage":"fr-FR","@id":"https:\/\/sartori-ambiente.com\/fr\/#\/schema\/logo\/image\/","url":"https:\/\/sartori-ambiente.com\/wp-content\/uploads\/2021\/09\/Sartori_Ambiente_logo.svg","contentUrl":"https:\/\/sartori-ambiente.com\/wp-content\/uploads\/2021\/09\/Sartori_Ambiente_logo.svg","width":1,"height":1,"caption":"Sartori Ambiente"},"image":{"@id":"https:\/\/sartori-ambiente.com\/fr\/#\/schema\/logo\/image\/"}}]}},"_links":{"self":[{"href":"https:\/\/sartori-ambiente.com\/fr\/wp-json\/wp\/v2\/referenze\/3457","targetHints":{"allow":["GET"]}}],"collection":[{"href":"https:\/\/sartori-ambiente.com\/fr\/wp-json\/wp\/v2\/referenze"}],"about":[{"href":"https:\/\/sartori-ambiente.com\/fr\/wp-json\/wp\/v2\/types\/referenze"}],"wp:featuredmedia":[{"embeddable":true,"href":"https:\/\/sartori-ambiente.com\/fr\/wp-json\/wp\/v2\/media\/2392"}],"wp:attachment":[{"href":"https:\/\/sartori-ambiente.com\/fr\/wp-json\/wp\/v2\/media?parent=3457"}],"curies":[{"name":"wp","href":"https:\/\/api.w.org\/{rel}","templated":true}]}}